{"id":14993,"date":"2023-03-14T11:50:41","date_gmt":"2023-03-14T09:50:41","guid":{"rendered":"https:\/\/xdsomename.tempurl.host\/swisspeak-website\/collection\/non%20class\u00e9\/sac-a-dos-ordinateur-17-noir\/"},"modified":"2026-04-16T02:24:40","modified_gmt":"2026-04-16T00:24:40","slug":"sac-a-dos-ordinateur-17-noir","status":"publish","type":"product","link":"https:\/\/swiss-peak.com\/fr\/produit\/sac-a-dos-ordinateur-17-noir\/","title":{"rendered":"Sac \u00e0 dos ordinateur 17\u201d, noir"},"content":{"rendered":"<p>Sac \u00e0 dos pour ordinateur portable 17\u201d avec syst\u00e8me de rabat intelligent, compartiment principal et pochette pour tablette rembourr\u00e9s ainsi que de nombreux espaces de stockage et pour vos affaires ou gadgets. Bretelles et dos du sac rembourr\u00e9s pour un confort d\u2019utilisation. Sans PVC.<\/p>\n","protected":false},"excerpt":{"rendered":"<p>Sac \u00e0 dos pour ordinateur portable 17\u201d avec syst\u00e8me de rabat intelligent, compartiment principal et pochette pour tablette rembourr\u00e9s ainsi que de nombreux espaces de stockage et pour vos affaires ou gadgets. Bretelles et dos du sac rembourr\u00e9s pour un confort d\u2019utilisation. Sans PVC.<\/p>\n","protected":false},"featured_media":46311,"template":"","meta":{"_acf_changed":false},"product_cat":[287,255,259,291],"product_tag":[],"class_list":["post-14993","product","type-product","status-publish","has-post-thumbnail","hentry","product_cat-business-fr","product_cat-sacs-voyage","product_cat-sacs-a-dos","product_cat-sacs-ordinateurs-portable","pa_color-black-fr"],"acf":[],"yoast_head":"<!-- This site is optimized with the Yoast SEO plugin v27.0 - https:\/\/yoast.com\/product\/yoast-seo-wordpress\/ -->\n<title>Sac \u00e0 dos ordinateur 17\u201d, noir - Swiss Peak<\/title>\n<meta name=\"robots\" content=\"index, follow, max-snippet:-1, max-image-preview:large, max-video-preview:-1\" \/>\n<link rel=\"canonical\" href=\"https:\/\/swiss-peak.com\/fr\/produit\/sac-a-dos-ordinateur-17-noir\/\" \/>\n<meta property=\"og:locale\" content=\"fr_FR\" \/>\n<meta property=\"og:type\" content=\"article\" \/>\n<meta property=\"og:title\" content=\"Sac \u00e0 dos ordinateur 17\u201d, noir - Swiss Peak\" \/>\n<meta property=\"og:description\" content=\"Sac \u00e0 dos pour ordinateur portable 17\u201d avec syst\u00e8me de rabat intelligent, compartiment principal et pochette pour tablette rembourr\u00e9s ainsi que de nombreux espaces de stockage et pour vos affaires ou gadgets. Bretelles et dos du sac rembourr\u00e9s pour un confort d\u2019utilisation. Sans PVC.\" \/>\n<meta property=\"og:url\" content=\"https:\/\/swiss-peak.com\/fr\/produit\/sac-a-dos-ordinateur-17-noir\/\" \/>\n<meta property=\"og:site_name\" content=\"Swiss Peak\" \/>\n<meta property=\"article:modified_time\" content=\"2026-04-16T00:24:40+00:00\" \/>\n<meta property=\"og:image\" content=\"https:\/\/swiss-peak.com\/wp-content\/uploads\/sites\/9\/2026\/04\/P762.100__S_0__b11838d2acb34e509b4d4967e584c468.jpg\" \/>\n\t<meta property=\"og:image:width\" content=\"1024\" \/>\n\t<meta property=\"og:image:height\" content=\"1024\" \/>\n\t<meta property=\"og:image:type\" content=\"image\/jpeg\" \/>\n<meta name=\"twitter:card\" content=\"summary_large_image\" \/>\n<script type=\"application\/ld+json\" class=\"yoast-schema-graph\">{\"@context\":\"https:\/\/schema.org\",\"@graph\":[{\"@type\":\"WebPage\",\"@id\":\"https:\/\/swiss-peak.com\/fr\/produit\/sac-a-dos-ordinateur-17-noir\/\",\"url\":\"https:\/\/swiss-peak.com\/fr\/produit\/sac-a-dos-ordinateur-17-noir\/\",\"name\":\"Sac \u00e0 dos ordinateur 17\u201d, noir - Swiss Peak\",\"isPartOf\":{\"@id\":\"https:\/\/swiss-peak.com\/fr\/#website\"},\"primaryImageOfPage\":{\"@id\":\"https:\/\/swiss-peak.com\/fr\/produit\/sac-a-dos-ordinateur-17-noir\/#primaryimage\"},\"image\":{\"@id\":\"https:\/\/swiss-peak.com\/fr\/produit\/sac-a-dos-ordinateur-17-noir\/#primaryimage\"},\"thumbnailUrl\":\"https:\/\/swiss-peak.com\/wp-content\/uploads\/sites\/9\/2026\/04\/P762.100__S_0__b11838d2acb34e509b4d4967e584c468.jpg\",\"datePublished\":\"2023-03-14T09:50:41+00:00\",\"dateModified\":\"2026-04-16T00:24:40+00:00\",\"breadcrumb\":{\"@id\":\"https:\/\/swiss-peak.com\/fr\/produit\/sac-a-dos-ordinateur-17-noir\/#breadcrumb\"},\"inLanguage\":\"fr-FR\",\"potentialAction\":[{\"@type\":\"ReadAction\",\"target\":[\"https:\/\/swiss-peak.com\/fr\/produit\/sac-a-dos-ordinateur-17-noir\/\"]}]},{\"@type\":\"ImageObject\",\"inLanguage\":\"fr-FR\",\"@id\":\"https:\/\/swiss-peak.com\/fr\/produit\/sac-a-dos-ordinateur-17-noir\/#primaryimage\",\"url\":\"https:\/\/swiss-peak.com\/wp-content\/uploads\/sites\/9\/2026\/04\/P762.100__S_0__b11838d2acb34e509b4d4967e584c468.jpg\",\"contentUrl\":\"https:\/\/swiss-peak.com\/wp-content\/uploads\/sites\/9\/2026\/04\/P762.100__S_0__b11838d2acb34e509b4d4967e584c468.jpg\",\"width\":1024,\"height\":1024},{\"@type\":\"BreadcrumbList\",\"@id\":\"https:\/\/swiss-peak.com\/fr\/produit\/sac-a-dos-ordinateur-17-noir\/#breadcrumb\",\"itemListElement\":[{\"@type\":\"ListItem\",\"position\":1,\"name\":\"Home\",\"item\":\"https:\/\/swiss-peak.com\/fr\/\"},{\"@type\":\"ListItem\",\"position\":2,\"name\":\"Collection\",\"item\":\"https:\/\/swiss-peak.com\/fr\/collection\/\"},{\"@type\":\"ListItem\",\"position\":3,\"name\":\"Sac \u00e0 dos ordinateur 17\u201d, noir\"}]},{\"@type\":\"WebSite\",\"@id\":\"https:\/\/swiss-peak.com\/fr\/#website\",\"url\":\"https:\/\/swiss-peak.com\/fr\/\",\"name\":\"Swiss Peak\",\"description\":\"Where will today take you?\",\"potentialAction\":[{\"@type\":\"SearchAction\",\"target\":{\"@type\":\"EntryPoint\",\"urlTemplate\":\"https:\/\/swiss-peak.com\/fr\/?s={search_term_string}\"},\"query-input\":{\"@type\":\"PropertyValueSpecification\",\"valueRequired\":true,\"valueName\":\"search_term_string\"}}],\"inLanguage\":\"fr-FR\"}]}<\/script>\n<!-- \/ Yoast SEO plugin. -->","yoast_head_json":{"title":"Sac \u00e0 dos ordinateur 17\u201d, noir - Swiss Peak","robots":{"index":"index","follow":"follow","max-snippet":"max-snippet:-1","max-image-preview":"max-image-preview:large","max-video-preview":"max-video-preview:-1"},"canonical":"https:\/\/swiss-peak.com\/fr\/produit\/sac-a-dos-ordinateur-17-noir\/","og_locale":"fr_FR","og_type":"article","og_title":"Sac \u00e0 dos ordinateur 17\u201d, noir - Swiss Peak","og_description":"Sac \u00e0 dos pour ordinateur portable 17\u201d avec syst\u00e8me de rabat intelligent, compartiment principal et pochette pour tablette rembourr\u00e9s ainsi que de nombreux espaces de stockage et pour vos affaires ou gadgets. Bretelles et dos du sac rembourr\u00e9s pour un confort d\u2019utilisation. Sans PVC.","og_url":"https:\/\/swiss-peak.com\/fr\/produit\/sac-a-dos-ordinateur-17-noir\/","og_site_name":"Swiss Peak","article_modified_time":"2026-04-16T00:24:40+00:00","og_image":[{"width":1024,"height":1024,"url":"https:\/\/swiss-peak.com\/wp-content\/uploads\/sites\/9\/2026\/04\/P762.100__S_0__b11838d2acb34e509b4d4967e584c468.jpg","type":"image\/jpeg"}],"twitter_card":"summary_large_image","schema":{"@context":"https:\/\/schema.org","@graph":[{"@type":"WebPage","@id":"https:\/\/swiss-peak.com\/fr\/produit\/sac-a-dos-ordinateur-17-noir\/","url":"https:\/\/swiss-peak.com\/fr\/produit\/sac-a-dos-ordinateur-17-noir\/","name":"Sac \u00e0 dos ordinateur 17\u201d, noir - Swiss Peak","isPartOf":{"@id":"https:\/\/swiss-peak.com\/fr\/#website"},"primaryImageOfPage":{"@id":"https:\/\/swiss-peak.com\/fr\/produit\/sac-a-dos-ordinateur-17-noir\/#primaryimage"},"image":{"@id":"https:\/\/swiss-peak.com\/fr\/produit\/sac-a-dos-ordinateur-17-noir\/#primaryimage"},"thumbnailUrl":"https:\/\/swiss-peak.com\/wp-content\/uploads\/sites\/9\/2026\/04\/P762.100__S_0__b11838d2acb34e509b4d4967e584c468.jpg","datePublished":"2023-03-14T09:50:41+00:00","dateModified":"2026-04-16T00:24:40+00:00","breadcrumb":{"@id":"https:\/\/swiss-peak.com\/fr\/produit\/sac-a-dos-ordinateur-17-noir\/#breadcrumb"},"inLanguage":"fr-FR","potentialAction":[{"@type":"ReadAction","target":["https:\/\/swiss-peak.com\/fr\/produit\/sac-a-dos-ordinateur-17-noir\/"]}]},{"@type":"ImageObject","inLanguage":"fr-FR","@id":"https:\/\/swiss-peak.com\/fr\/produit\/sac-a-dos-ordinateur-17-noir\/#primaryimage","url":"https:\/\/swiss-peak.com\/wp-content\/uploads\/sites\/9\/2026\/04\/P762.100__S_0__b11838d2acb34e509b4d4967e584c468.jpg","contentUrl":"https:\/\/swiss-peak.com\/wp-content\/uploads\/sites\/9\/2026\/04\/P762.100__S_0__b11838d2acb34e509b4d4967e584c468.jpg","width":1024,"height":1024},{"@type":"BreadcrumbList","@id":"https:\/\/swiss-peak.com\/fr\/produit\/sac-a-dos-ordinateur-17-noir\/#breadcrumb","itemListElement":[{"@type":"ListItem","position":1,"name":"Home","item":"https:\/\/swiss-peak.com\/fr\/"},{"@type":"ListItem","position":2,"name":"Collection","item":"https:\/\/swiss-peak.com\/fr\/collection\/"},{"@type":"ListItem","position":3,"name":"Sac \u00e0 dos ordinateur 17\u201d, noir"}]},{"@type":"WebSite","@id":"https:\/\/swiss-peak.com\/fr\/#website","url":"https:\/\/swiss-peak.com\/fr\/","name":"Swiss Peak","description":"Where will today take you?","potentialAction":[{"@type":"SearchAction","target":{"@type":"EntryPoint","urlTemplate":"https:\/\/swiss-peak.com\/fr\/?s={search_term_string}"},"query-input":{"@type":"PropertyValueSpecification","valueRequired":true,"valueName":"search_term_string"}}],"inLanguage":"fr-FR"}]}},"_links":{"self":[{"href":"https:\/\/swiss-peak.com\/fr\/wp-json\/wp\/v2\/product\/14993","targetHints":{"allow":["GET"]}}],"collection":[{"href":"https:\/\/swiss-peak.com\/fr\/wp-json\/wp\/v2\/product"}],"about":[{"href":"https:\/\/swiss-peak.com\/fr\/wp-json\/wp\/v2\/types\/product"}],"wp:featuredmedia":[{"embeddable":true,"href":"https:\/\/swiss-peak.com\/fr\/wp-json\/wp\/v2\/media\/46311"}],"wp:attachment":[{"href":"https:\/\/swiss-peak.com\/fr\/wp-json\/wp\/v2\/media?parent=14993"}],"wp:term":[{"taxonomy":"product_cat","embeddable":true,"href":"https:\/\/swiss-peak.com\/fr\/wp-json\/wp\/v2\/product_cat?post=14993"},{"taxonomy":"product_tag","embeddable":true,"href":"https:\/\/swiss-peak.com\/fr\/wp-json\/wp\/v2\/product_tag?post=14993"}],"curies":[{"name":"wp","href":"https:\/\/api.w.org\/{rel}","templated":true}]}}