{"id":45238,"date":"2025-01-01T03:06:07","date_gmt":"2025-01-01T02:02:26","guid":{"rendered":"https:\/\/swiss-peak.com\/funda-para-portatil-156-swiss-peak-aware-essential-negro\/"},"modified":"2026-03-12T04:08:48","modified_gmt":"2026-03-12T02:08:48","slug":"funda-para-portatil-156-swiss-peak-aware-essential-negro","status":"publish","type":"product","link":"https:\/\/swiss-peak.com\/es\/producto\/funda-para-portatil-156-swiss-peak-aware-essential-negro\/","title":{"rendered":"Funda para port\u00e1til 15,6&#8243; Swiss Peak Aware\u2122 Essential, negro"},"content":{"rendered":"<p>Protege tu port\u00e1til con estilo con la funda para port\u00e1til Swiss Peak Aware\u2122 RPET Essential de 15,6 pulgadas. Fabricada 100% con RPET y un forro de RPET a juego, esta elegante y moderna funda garantiza la seguridad de tu port\u00e1til y conserva un aspecto profesional. Cuenta con un bolsillo frontal con cremallera para acceder f\u00e1cilmente a tus art\u00edculos esenciales y un compartimento principal que se adapta de forma segura a los port\u00e1tiles modernos de 15,6 pulgadas. Las resistentes cremalleras Swiss Peak proporcionan un funcionamiento suave, lo que la convierte en la opci\u00f3n ideal para quienes est\u00e1n en movimiento. Perfecta para profesionales de negocios, esta funda para port\u00e1til ofrece funcionalidad y estilo. Fabricada con poli\u00e9ster reciclado con el trazador AWARE\u2122 incorporado. El 2% de las ganancias de cada producto vendido con AWARE\u2122 se donar\u00e1 a Water.org. Sin PVC.<\/p>\n","protected":false},"excerpt":{"rendered":"<p>Protege tu port\u00e1til con estilo con la funda para port\u00e1til Swiss Peak Aware\u2122 RPET Essential de 15,6 pulgadas. Fabricada 100% con RPET y un forro de RPET a juego, esta elegante y moderna funda garantiza la seguridad de tu port\u00e1til y conserva un aspecto profesional. Cuenta con un bolsillo frontal con cremallera para acceder f\u00e1cilmente [&hellip;]<\/p>\n","protected":false},"featured_media":45405,"template":"","meta":{"_acf_changed":false},"product_cat":[293,290,300],"product_tag":[],"class_list":["post-45238","product","type-product","status-publish","has-post-thumbnail","hentry","product_cat-bolsas-portatil","product_cat-business-es","product_cat-oficina-escritura","pa_color-black-es"],"acf":[],"yoast_head":"<!-- This site is optimized with the Yoast SEO plugin v27.0 - https:\/\/yoast.com\/product\/yoast-seo-wordpress\/ -->\n<title>Funda para port\u00e1til 15,6&quot; Swiss Peak Aware\u2122 Essential, negro - Swiss Peak<\/title>\n<meta name=\"robots\" content=\"index, follow, max-snippet:-1, max-image-preview:large, max-video-preview:-1\" \/>\n<link rel=\"canonical\" href=\"https:\/\/swiss-peak.com\/es\/producto\/funda-para-portatil-156-swiss-peak-aware-essential-negro\/\" \/>\n<meta property=\"og:locale\" content=\"es_ES\" \/>\n<meta property=\"og:type\" content=\"article\" \/>\n<meta property=\"og:title\" content=\"Funda para port\u00e1til 15,6&quot; Swiss Peak Aware\u2122 Essential, negro - Swiss Peak\" \/>\n<meta property=\"og:description\" content=\"Protege tu port\u00e1til con estilo con la funda para port\u00e1til Swiss Peak Aware\u2122 RPET Essential de 15,6 pulgadas. Fabricada 100% con RPET y un forro de RPET a juego, esta elegante y moderna funda garantiza la seguridad de tu port\u00e1til y conserva un aspecto profesional. Cuenta con un bolsillo frontal con cremallera para acceder f\u00e1cilmente [&hellip;]\" \/>\n<meta property=\"og:url\" content=\"https:\/\/swiss-peak.com\/es\/producto\/funda-para-portatil-156-swiss-peak-aware-essential-negro\/\" \/>\n<meta property=\"og:site_name\" content=\"Swiss Peak\" \/>\n<meta property=\"article:modified_time\" content=\"2026-03-12T02:08:48+00:00\" \/>\n<meta property=\"og:image\" content=\"https:\/\/swiss-peak.com\/wp-content\/uploads\/sites\/9\/2025\/02\/P788.1601__S_0__5df5b3a1849c4830b766cea1fb31478c.jpg\" \/>\n\t<meta property=\"og:image:width\" content=\"1024\" \/>\n\t<meta property=\"og:image:height\" content=\"1024\" \/>\n\t<meta property=\"og:image:type\" content=\"image\/jpeg\" \/>\n<meta name=\"twitter:card\" content=\"summary_large_image\" \/>\n<meta name=\"twitter:label1\" content=\"Tiempo de lectura\" \/>\n\t<meta name=\"twitter:data1\" content=\"1 minuto\" \/>\n<script type=\"application\/ld+json\" class=\"yoast-schema-graph\">{\"@context\":\"https:\/\/schema.org\",\"@graph\":[{\"@type\":\"WebPage\",\"@id\":\"https:\/\/swiss-peak.com\/es\/producto\/funda-para-portatil-156-swiss-peak-aware-essential-negro\/\",\"url\":\"https:\/\/swiss-peak.com\/es\/producto\/funda-para-portatil-156-swiss-peak-aware-essential-negro\/\",\"name\":\"Funda para port\u00e1til 15,6\\\" Swiss Peak Aware\u2122 Essential, negro - Swiss Peak\",\"isPartOf\":{\"@id\":\"https:\/\/swiss-peak.com\/es\/#website\"},\"primaryImageOfPage\":{\"@id\":\"https:\/\/swiss-peak.com\/es\/producto\/funda-para-portatil-156-swiss-peak-aware-essential-negro\/#primaryimage\"},\"image\":{\"@id\":\"https:\/\/swiss-peak.com\/es\/producto\/funda-para-portatil-156-swiss-peak-aware-essential-negro\/#primaryimage\"},\"thumbnailUrl\":\"https:\/\/swiss-peak.com\/wp-content\/uploads\/sites\/9\/2025\/02\/P788.1601__S_0__5df5b3a1849c4830b766cea1fb31478c.jpg\",\"datePublished\":\"2025-01-01T02:02:26+00:00\",\"dateModified\":\"2026-03-12T02:08:48+00:00\",\"breadcrumb\":{\"@id\":\"https:\/\/swiss-peak.com\/es\/producto\/funda-para-portatil-156-swiss-peak-aware-essential-negro\/#breadcrumb\"},\"inLanguage\":\"es\",\"potentialAction\":[{\"@type\":\"ReadAction\",\"target\":[\"https:\/\/swiss-peak.com\/es\/producto\/funda-para-portatil-156-swiss-peak-aware-essential-negro\/\"]}]},{\"@type\":\"ImageObject\",\"inLanguage\":\"es\",\"@id\":\"https:\/\/swiss-peak.com\/es\/producto\/funda-para-portatil-156-swiss-peak-aware-essential-negro\/#primaryimage\",\"url\":\"https:\/\/swiss-peak.com\/wp-content\/uploads\/sites\/9\/2025\/02\/P788.1601__S_0__5df5b3a1849c4830b766cea1fb31478c.jpg\",\"contentUrl\":\"https:\/\/swiss-peak.com\/wp-content\/uploads\/sites\/9\/2025\/02\/P788.1601__S_0__5df5b3a1849c4830b766cea1fb31478c.jpg\",\"width\":1024,\"height\":1024},{\"@type\":\"BreadcrumbList\",\"@id\":\"https:\/\/swiss-peak.com\/es\/producto\/funda-para-portatil-156-swiss-peak-aware-essential-negro\/#breadcrumb\",\"itemListElement\":[{\"@type\":\"ListItem\",\"position\":1,\"name\":\"Home\",\"item\":\"https:\/\/swiss-peak.com\/es\/\"},{\"@type\":\"ListItem\",\"position\":2,\"name\":\"Colecci\u00f3n\",\"item\":\"https:\/\/swiss-peak.com\/es\/coleccion\/\"},{\"@type\":\"ListItem\",\"position\":3,\"name\":\"Funda para port\u00e1til 15,6&#8243; Swiss Peak Aware\u2122 Essential, negro\"}]},{\"@type\":\"WebSite\",\"@id\":\"https:\/\/swiss-peak.com\/es\/#website\",\"url\":\"https:\/\/swiss-peak.com\/es\/\",\"name\":\"Swiss Peak\",\"description\":\"Where will today take you?\",\"potentialAction\":[{\"@type\":\"SearchAction\",\"target\":{\"@type\":\"EntryPoint\",\"urlTemplate\":\"https:\/\/swiss-peak.com\/es\/?s={search_term_string}\"},\"query-input\":{\"@type\":\"PropertyValueSpecification\",\"valueRequired\":true,\"valueName\":\"search_term_string\"}}],\"inLanguage\":\"es\"}]}<\/script>\n<!-- \/ Yoast SEO plugin. -->","yoast_head_json":{"title":"Funda para port\u00e1til 15,6\" Swiss Peak Aware\u2122 Essential, negro - Swiss Peak","robots":{"index":"index","follow":"follow","max-snippet":"max-snippet:-1","max-image-preview":"max-image-preview:large","max-video-preview":"max-video-preview:-1"},"canonical":"https:\/\/swiss-peak.com\/es\/producto\/funda-para-portatil-156-swiss-peak-aware-essential-negro\/","og_locale":"es_ES","og_type":"article","og_title":"Funda para port\u00e1til 15,6\" Swiss Peak Aware\u2122 Essential, negro - Swiss Peak","og_description":"Protege tu port\u00e1til con estilo con la funda para port\u00e1til Swiss Peak Aware\u2122 RPET Essential de 15,6 pulgadas. Fabricada 100% con RPET y un forro de RPET a juego, esta elegante y moderna funda garantiza la seguridad de tu port\u00e1til y conserva un aspecto profesional. Cuenta con un bolsillo frontal con cremallera para acceder f\u00e1cilmente [&hellip;]","og_url":"https:\/\/swiss-peak.com\/es\/producto\/funda-para-portatil-156-swiss-peak-aware-essential-negro\/","og_site_name":"Swiss Peak","article_modified_time":"2026-03-12T02:08:48+00:00","og_image":[{"width":1024,"height":1024,"url":"https:\/\/swiss-peak.com\/wp-content\/uploads\/sites\/9\/2025\/02\/P788.1601__S_0__5df5b3a1849c4830b766cea1fb31478c.jpg","type":"image\/jpeg"}],"twitter_card":"summary_large_image","twitter_misc":{"Tiempo de lectura":"1 minuto"},"schema":{"@context":"https:\/\/schema.org","@graph":[{"@type":"WebPage","@id":"https:\/\/swiss-peak.com\/es\/producto\/funda-para-portatil-156-swiss-peak-aware-essential-negro\/","url":"https:\/\/swiss-peak.com\/es\/producto\/funda-para-portatil-156-swiss-peak-aware-essential-negro\/","name":"Funda para port\u00e1til 15,6\" Swiss Peak Aware\u2122 Essential, negro - Swiss Peak","isPartOf":{"@id":"https:\/\/swiss-peak.com\/es\/#website"},"primaryImageOfPage":{"@id":"https:\/\/swiss-peak.com\/es\/producto\/funda-para-portatil-156-swiss-peak-aware-essential-negro\/#primaryimage"},"image":{"@id":"https:\/\/swiss-peak.com\/es\/producto\/funda-para-portatil-156-swiss-peak-aware-essential-negro\/#primaryimage"},"thumbnailUrl":"https:\/\/swiss-peak.com\/wp-content\/uploads\/sites\/9\/2025\/02\/P788.1601__S_0__5df5b3a1849c4830b766cea1fb31478c.jpg","datePublished":"2025-01-01T02:02:26+00:00","dateModified":"2026-03-12T02:08:48+00:00","breadcrumb":{"@id":"https:\/\/swiss-peak.com\/es\/producto\/funda-para-portatil-156-swiss-peak-aware-essential-negro\/#breadcrumb"},"inLanguage":"es","potentialAction":[{"@type":"ReadAction","target":["https:\/\/swiss-peak.com\/es\/producto\/funda-para-portatil-156-swiss-peak-aware-essential-negro\/"]}]},{"@type":"ImageObject","inLanguage":"es","@id":"https:\/\/swiss-peak.com\/es\/producto\/funda-para-portatil-156-swiss-peak-aware-essential-negro\/#primaryimage","url":"https:\/\/swiss-peak.com\/wp-content\/uploads\/sites\/9\/2025\/02\/P788.1601__S_0__5df5b3a1849c4830b766cea1fb31478c.jpg","contentUrl":"https:\/\/swiss-peak.com\/wp-content\/uploads\/sites\/9\/2025\/02\/P788.1601__S_0__5df5b3a1849c4830b766cea1fb31478c.jpg","width":1024,"height":1024},{"@type":"BreadcrumbList","@id":"https:\/\/swiss-peak.com\/es\/producto\/funda-para-portatil-156-swiss-peak-aware-essential-negro\/#breadcrumb","itemListElement":[{"@type":"ListItem","position":1,"name":"Home","item":"https:\/\/swiss-peak.com\/es\/"},{"@type":"ListItem","position":2,"name":"Colecci\u00f3n","item":"https:\/\/swiss-peak.com\/es\/coleccion\/"},{"@type":"ListItem","position":3,"name":"Funda para port\u00e1til 15,6&#8243; Swiss Peak Aware\u2122 Essential, negro"}]},{"@type":"WebSite","@id":"https:\/\/swiss-peak.com\/es\/#website","url":"https:\/\/swiss-peak.com\/es\/","name":"Swiss Peak","description":"Where will today take you?","potentialAction":[{"@type":"SearchAction","target":{"@type":"EntryPoint","urlTemplate":"https:\/\/swiss-peak.com\/es\/?s={search_term_string}"},"query-input":{"@type":"PropertyValueSpecification","valueRequired":true,"valueName":"search_term_string"}}],"inLanguage":"es"}]}},"_links":{"self":[{"href":"https:\/\/swiss-peak.com\/es\/wp-json\/wp\/v2\/product\/45238","targetHints":{"allow":["GET"]}}],"collection":[{"href":"https:\/\/swiss-peak.com\/es\/wp-json\/wp\/v2\/product"}],"about":[{"href":"https:\/\/swiss-peak.com\/es\/wp-json\/wp\/v2\/types\/product"}],"wp:featuredmedia":[{"embeddable":true,"href":"https:\/\/swiss-peak.com\/es\/wp-json\/wp\/v2\/media\/45405"}],"wp:attachment":[{"href":"https:\/\/swiss-peak.com\/es\/wp-json\/wp\/v2\/media?parent=45238"}],"wp:term":[{"taxonomy":"product_cat","embeddable":true,"href":"https:\/\/swiss-peak.com\/es\/wp-json\/wp\/v2\/product_cat?post=45238"},{"taxonomy":"product_tag","embeddable":true,"href":"https:\/\/swiss-peak.com\/es\/wp-json\/wp\/v2\/product_tag?post=45238"}],"curies":[{"name":"wp","href":"https:\/\/api.w.org\/{rel}","templated":true}]}}